{"id":686,"date":"2019-02-14T13:21:35","date_gmt":"2019-02-14T12:21:35","guid":{"rendered":"http:\/\/kgv-lerchengrund.de\/?page_id=686"},"modified":"2024-06-05T11:33:15","modified_gmt":"2024-06-05T09:33:15","slug":"chronik-95-jahre-kleingartenverein-lerchengrund-e-v-frankenberg","status":"publish","type":"page","link":"http:\/\/kgv-lerchengrund.de\/?page_id=686","title":{"rendered":"Chronik 95 Jahre Kleingartenverein &#8222;Lerchengrund&#8220; e.V. Frankenberg"},"content":{"rendered":"\n<div class=\"wp-block-file\"><a id=\"wp-block-file--media-51495a7a-c99e-4950-9873-bc51d52f291a\" href=\"http:\/\/kgv-lerchengrund.de\/wp-content\/uploads\/2019\/02\/Chronik-95-Jahre-KGV-Lerchengrund.pdf\">Chronik 95 Jahre KGV Lerchengrund<\/a><a href=\"http:\/\/kgv-lerchengrund.de\/wp-content\/uploads\/2019\/02\/Chronik-95-Jahre-KGV-Lerchengrund.pdf\" class=\"wp-block-file__button\" download aria-describedby=\"wp-block-file--media-51495a7a-c99e-4950-9873-bc51d52f291a\">Herunterladen<\/a><\/div>\n\n\n\n<p>Unser Kleingartenverein &#8222;Lerchengrund&#8220; e.V.<\/p>\n\n\n\n<p>Gegr\u00fcndet vor 95&nbsp;Jahren, mit dem Ziel, eine Idee zu bewahren, um im Verein gemeinschaftlich, mehr zu tun als sonst \u00fcblich. So war es bisher, so wird es sein, Anspruch soll ein Begleiter sein. Tradition bleibt in unserem Blick, wir geben Bew\u00e4hrtes und Neues zur\u00fcck. Jetzt sind wir hier nach langer Zeit, wir sind und waren f\u00fcr Modernes bereit.<\/p>\n\n\n\n<p>Liebe Vereinsmitglieder, F\u00f6rderer und Freunde des Vereins, liebe G\u00e4ste, nun wird es Zeit, dass wir Ihnen von unserer Vereinsarbeit berichten:<\/p>\n\n\n\n<p>F\u00fcr alle die sich mit unserer Geschichte auseinandersetzen wollen, haben wir auf dieser Seite unsere Chronik hinterlegt.<\/p>\n\n\n\n<p>Viel Spa\u00df beim lesen.<\/p>\n","protected":false},"excerpt":{"rendered":"<p>Unser Kleingartenverein &#8222;Lerchengrund&#8220; e.V. Gegr\u00fcndet vor 95&nbsp;Jahren, mit dem Ziel, eine Idee zu bewahren, um im Verein gemeinschaftlich, mehr zu tun als sonst \u00fcblich. So war es bisher, so wird es sein, Anspruch soll ein Begleiter sein. Tradition bleibt in unserem Blick, wir geben Bew\u00e4hrtes und Neues zur\u00fcck. Jetzt sind wir hier nach langer Zeit, [&hellip;]<\/p>\n","protected":false},"author":1,"featured_media":0,"parent":0,"menu_order":0,"comment_status":"closed","ping_status":"closed","template":"","meta":[],"_links":{"self":[{"href":"http:\/\/kgv-lerchengrund.de\/index.php?rest_route=\/wp\/v2\/pages\/686"}],"collection":[{"href":"http:\/\/kgv-lerchengrund.de\/index.php?rest_route=\/wp\/v2\/pages"}],"about":[{"href":"http:\/\/kgv-lerchengrund.de\/index.php?rest_route=\/wp\/v2\/types\/page"}],"author":[{"embeddable":true,"href":"http:\/\/kgv-lerchengrund.de\/index.php?rest_route=\/wp\/v2\/users\/1"}],"replies":[{"embeddable":true,"href":"http:\/\/kgv-lerchengrund.de\/index.php?rest_route=%2Fwp%2Fv2%2Fcomments&post=686"}],"version-history":[{"count":14,"href":"http:\/\/kgv-lerchengrund.de\/index.php?rest_route=\/wp\/v2\/pages\/686\/revisions"}],"predecessor-version":[{"id":1088,"href":"http:\/\/kgv-lerchengrund.de\/index.php?rest_route=\/wp\/v2\/pages\/686\/revisions\/1088"}],"wp:attachment":[{"href":"http:\/\/kgv-lerchengrund.de\/index.php?rest_route=%2Fwp%2Fv2%2Fmedia&parent=686"}],"curies":[{"name":"wp","href":"https:\/\/api.w.org\/{rel}","templated":true}]}}